{"id":21,"date":"2026-05-28T11:45:57","date_gmt":"2026-05-28T09:45:57","guid":{"rendered":"https:\/\/mariagiron.com\/?page_id=21"},"modified":"2026-08-14T15:34:58","modified_gmt":"2026-08-14T13:34:58","slug":"sobre-mi","status":"publish","type":"page","link":"https:\/\/mariagiron.com\/es\/sobre-mi\/","title":{"rendered":"Sobre m\u00ed"},"content":{"rendered":"<div data-elementor-type=\"wp-page\" data-elementor-id=\"21\" class=\"elementor elementor-21\" data-elementor-post-type=\"page\">\n\t\t\t\t<div class=\"elementor-element elementor-element-5b01394 e-flex e-con-boxed e-con e-parent\" data-id=\"5b01394\" data-element_type=\"container\" data-e-type=\"container\">\n\t\t\t\t\t<div class=\"e-con-inner\">\n\t\t\t\t<div class=\"elementor-element elementor-element-bd02330 elementor-widget elementor-widget-heading\" data-id=\"bd02330\" data-element_type=\"widget\" data-e-type=\"widget\" data-widget_type=\"heading.default\">\n\t\t\t\t\t<h1 class=\"elementor-heading-title elementor-size-default\">Sobre m\u00ed<\/h1>\t\t\t\t<\/div>\n\t\t\t\t<div class=\"elementor-element elementor-element-9b828bb elementor-widget elementor-widget-heading\" data-id=\"9b828bb\" data-element_type=\"widget\" data-e-type=\"widget\" data-widget_type=\"heading.default\">\n\t\t\t\t\t<h2 class=\"elementor-heading-title elementor-size-default\">Maria Gir\u00f3n \u00b7 autora e Ilustradora de literatura infantil<\/h2>\t\t\t\t<\/div>\n\t\t\t\t<div class=\"elementor-element elementor-element-e16a781 elementor-widget elementor-widget-heading\" data-id=\"e16a781\" data-element_type=\"widget\" data-e-type=\"widget\" data-widget_type=\"heading.default\">\n\t\t\t\t\t<h3 class=\"elementor-heading-title elementor-size-default\">\"Desde los campos de la Garrotxa hasta los libros que viajan por el mundo, busco crear im\u00e1genes que se conectan con la imaginaci\u00f3n, la emoci\u00f3n y el juego\".<\/h3>\t\t\t\t<\/div>\n\t\t\t\t\t<\/div>\n\t\t\t\t<\/div>\n\t\t<div class=\"elementor-element elementor-element-a8f419f e-grid e-con-boxed e-con e-parent\" data-id=\"a8f419f\" data-element_type=\"container\" data-e-type=\"container\">\n\t\t\t\t\t<div class=\"e-con-inner\">\n\t\t\t\t<div class=\"elementor-element elementor-element-a5c91c7 elementor-widget elementor-widget-text-editor\" data-id=\"a5c91c7\" data-element_type=\"widget\" data-e-type=\"widget\" data-widget_type=\"text-editor.default\">\n\t\t\t\t\t\t\t\t\t<p><span style=\"font-weight: 400;\">Mi nombre es Mar\u00eda Gir\u00f3n y soy autora de literatura para ni\u00f1os y j\u00f3venes. Vivo en la falda del Montseny, en un entorno tranquilo y lleno de naturaleza, rodeado por los ni\u00f1os y los libros. Me encantan los ni\u00f1os y me siento privilegiada de poder dedicar mi vida a contar historias a trav\u00e9s de im\u00e1genes y palabras.<\/span><\/p><p><span style=\"font-weight: 400;\">Nac\u00ed en junio de 1983 y crec\u00ed en el campo de la Garrotxa, rodeada de \u00e1rboles, pinceles y cuadernos. Fui una ni\u00f1a muy feliz, que cantaba mucho, dibujaba mucho, le\u00eda mucho y jugaba mucho.\n\nA los 18 a\u00f1os, me fui a vivir un a\u00f1o a Londres. All\u00ed, aunque lo que quer\u00eda era aprender ingl\u00e9s, lo que m\u00e1s aprend\u00ed fue a estar sola, a vivir emociones fuertes y, como llov\u00eda a menudo y los museos estaban siempre abiertos, dediqu\u00e9 muchas horas a observar cuadros de grandes pintores.\u00a0<\/span><\/p><p><span style=\"font-weight: 400;\">Como me gustaba escribir, me matricul\u00e9 en Periodismo, pero enseguida me di cuenta de que me hab\u00eda equivocado. A los 20 a\u00f1os empec\u00e9 a estudiar Bellas Artes en la Universidad de Barcelona. Mis disciplinas favoritas siempre fueron el dibujo y la pintura.\n\nPas\u00e9 los dos \u00faltimos a\u00f1os de la carrera fuera de casa, uno en Bolonia y el otro en Sevilla.\u00a0<\/span><\/p>\t\t\t\t\t\t\t\t<\/div>\n\t\t\t\t<div class=\"elementor-element elementor-element-f6a6565 elementor-widget elementor-widget-image\" data-id=\"f6a6565\" data-element_type=\"widget\" data-e-type=\"widget\" data-widget_type=\"image.default\">\n\t\t\t\t\t\t\t\t\t\t\t\t\t\t\t<img fetchpriority=\"high\" decoding=\"async\" width=\"2000\" height=\"1336\" src=\"https:\/\/mariagiron.com\/wp-content\/uploads\/2026\/07\/Maria-mirant-llibre.webp\" class=\"attachment-2048x2048 size-2048x2048 wp-image-548\" alt=\"Maria-mirant-llibre-a-la-biblioteca\" srcset=\"https:\/\/mariagiron.com\/wp-content\/uploads\/2026\/07\/Maria-mirant-llibre.webp 2000w, https:\/\/mariagiron.com\/wp-content\/uploads\/2026\/07\/Maria-mirant-llibre-600x401.webp 600w, https:\/\/mariagiron.com\/wp-content\/uploads\/2026\/07\/Maria-mirant-llibre-300x200.webp 300w, https:\/\/mariagiron.com\/wp-content\/uploads\/2026\/07\/Maria-mirant-llibre-1024x684.webp 1024w, https:\/\/mariagiron.com\/wp-content\/uploads\/2026\/07\/Maria-mirant-llibre-768x513.webp 768w, https:\/\/mariagiron.com\/wp-content\/uploads\/2026\/07\/Maria-mirant-llibre-1536x1026.webp 1536w\" sizes=\"(max-width: 2000px) 100vw, 2000px\" \/>\t\t\t\t\t\t\t\t\t\t\t\t\t\t\t<\/div>\n\t\t\t\t\t<\/div>\n\t\t\t\t<\/div>\n\t\t<div class=\"elementor-element elementor-element-aabc019 e-flex e-con-boxed e-con e-parent\" data-id=\"aabc019\" data-element_type=\"container\" data-e-type=\"container\">\n\t\t\t\t\t<div class=\"e-con-inner\">\n\t\t\t\t<div class=\"elementor-element elementor-element-a634cc8 elementor-widget elementor-widget-heading\" data-id=\"a634cc8\" data-element_type=\"widget\" data-e-type=\"widget\" data-widget_type=\"heading.default\">\n\t\t\t\t\t<h2 class=\"elementor-heading-title elementor-size-default\">El universo creativo que me inspira<\/h2>\t\t\t\t<\/div>\n\t\t\t\t\t<\/div>\n\t\t\t\t<\/div>\n\t\t<div class=\"elementor-element elementor-element-140832c e-grid e-con-boxed e-con e-parent\" data-id=\"140832c\" data-element_type=\"container\" data-e-type=\"container\">\n\t\t\t\t\t<div class=\"e-con-inner\">\n\t\t\t\t<div class=\"elementor-element elementor-element-233d09e elementor-widget elementor-widget-image\" data-id=\"233d09e\" data-element_type=\"widget\" data-e-type=\"widget\" data-widget_type=\"image.default\">\n\t\t\t\t\t\t\t\t\t\t\t\t\t\t\t<img decoding=\"async\" width=\"2000\" height=\"1336\" src=\"https:\/\/mariagiron.com\/wp-content\/uploads\/2026\/07\/Maria-pintant-a-la-taula.webp\" class=\"attachment-2048x2048 size-2048x2048 wp-image-550\" alt=\"Maria pintant a la taula\" srcset=\"https:\/\/mariagiron.com\/wp-content\/uploads\/2026\/07\/Maria-pintant-a-la-taula.webp 2000w, https:\/\/mariagiron.com\/wp-content\/uploads\/2026\/07\/Maria-pintant-a-la-taula-600x401.webp 600w, https:\/\/mariagiron.com\/wp-content\/uploads\/2026\/07\/Maria-pintant-a-la-taula-300x200.webp 300w, https:\/\/mariagiron.com\/wp-content\/uploads\/2026\/07\/Maria-pintant-a-la-taula-1024x684.webp 1024w, https:\/\/mariagiron.com\/wp-content\/uploads\/2026\/07\/Maria-pintant-a-la-taula-768x513.webp 768w, https:\/\/mariagiron.com\/wp-content\/uploads\/2026\/07\/Maria-pintant-a-la-taula-1536x1026.webp 1536w\" sizes=\"(max-width: 2000px) 100vw, 2000px\" \/>\t\t\t\t\t\t\t\t\t\t\t\t\t\t\t<\/div>\n\t\t\t\t<div class=\"elementor-element elementor-element-6358134 elementor-widget elementor-widget-text-editor\" data-id=\"6358134\" data-element_type=\"widget\" data-e-type=\"widget\" data-widget_type=\"text-editor.default\">\n\t\t\t\t\t\t\t\t\t<p><span style=\"font-weight: 400;\">En Italia descubr\u00ed el grabado, las texturas, la fuerza de la tinta y de la imperfecci\u00f3n; y tambi\u00e9n conoc\u00ed a mi compa\u00f1ero de vida, quien, a\u00f1os despu\u00e9s, acabar\u00eda siendo el padre de mis hijos.\n\nYa de vuelta a casa, con las ideas muy claras y con una mano y una mirada muy entrenadas, entr\u00e9 en la Llotja para especializarme en ilustraci\u00f3n.<\/span><\/p><p><span style=\"font-weight: 400;\">El 2015 fue un gran momento, tanto a nivel personal como profesional: naci\u00f3 mi primer hijo, Teo, y se publicaron mis tres primeros libros: Un Lloc per a la Rula, Inseparables y La Meva Troballa. La vida me cambi\u00f3 por completo: de repente era madre y tambi\u00e9n ilustradora.<\/span><\/p>\t\t\t\t\t\t\t\t<\/div>\n\t\t\t\t\t<\/div>\n\t\t\t\t<\/div>\n\t\t<div class=\"elementor-element elementor-element-4cfeeed e-flex e-con-boxed e-con e-parent\" data-id=\"4cfeeed\" data-element_type=\"container\" data-e-type=\"container\">\n\t\t\t\t\t<div class=\"e-con-inner\">\n\t\t\t\t<div class=\"elementor-element elementor-element-3bc3136 elementor-widget elementor-widget-text-editor\" data-id=\"3bc3136\" data-element_type=\"widget\" data-e-type=\"widget\" data-widget_type=\"text-editor.default\">\n\t\t\t\t\t\t\t\t\t<p><span style=\"font-weight: 400;\">Los primeros fueron a\u00f1os intensos. Quien lo ha vivido lo sabe: la crianza es agotadora, pero tambi\u00e9n reveladora y transformadora. Y ser una artista que empieza su camino tambi\u00e9n es un viaje dif\u00edcil pero hermoso; sobre todo cuando entiendes que, si creas para la infancia, ser madre te da un superpoder.\n\nEn 2018 todo se multiplica con la llegada de Maia, mi hija, la otra gran maestra de mi vida.<\/span><\/p><p><span style=\"font-weight: 400;\">Pasan los a\u00f1os y, sin ser demasiado consciente de ello, voy adentr\u00e1ndome de forma simult\u00e1nea y profunda en ambos mundos: el de la infancia y el de la literatura infantil.\n\nY llega un d\u00eda en que comprendo, con cierta perplejidad, que nunca me cansar\u00e9 de todo esto, que cada vez descubrir\u00e9 m\u00e1s cosas y ser\u00e9 capaz de encontrar nuevas sinergias. Porque eso es lo que ocurre cuando cualquier forma de arte entra en contacto con los ni\u00f1os: algo hace que todo encaje a la perfecci\u00f3n y surjan fuegos artificiales.<\/span><\/p><p><span style=\"font-weight: 400;\">Y as\u00ed van pasando los a\u00f1os, hasta que en 2024, despu\u00e9s de haber dedicado diez a\u00f1os a ilustrar libros escritos por otros autores, me presento al Premio Compostela con un storyboard escrito y dibujado por m\u00ed.\n\nAunque no gano, los editores se interesan por la propuesta, que unos meses m\u00e1s tarde saldr\u00e1 al mercado con el t\u00edtulo de \"Cinco ratoncitos\".\u00a0<\/span><\/p><p><span style=\"font-weight: 400;\">Este \u00e1lbum es un punto de inflexi\u00f3n en mi carrera porque marca el inicio de un cambio de rumbo como creadora: por primera vez me siento c\u00f3moda y preparada para ser autora integral.\n\nDecido centrarme en la etapa de 0 a 6 a\u00f1os, y eso me lleva a inventar historias a partir del juego, el ritmo y la musicalidad de las palabras. <\/span><\/p>\t\t\t\t\t\t\t\t<\/div>\n\t\t\t\t\t<\/div>\n\t\t\t\t<\/div>\n\t\t<div class=\"elementor-element elementor-element-19b26e3 e-con-full e-flex e-con e-parent\" data-id=\"19b26e3\" data-element_type=\"container\" data-e-type=\"container\" data-settings=\"{&quot;background_background&quot;:&quot;classic&quot;}\">\n\t\t\t\t<div class=\"elementor-element elementor-element-cf8644c elementor-widget elementor-widget-heading\" data-id=\"cf8644c\" data-element_type=\"widget\" data-e-type=\"widget\" data-widget_type=\"heading.default\">\n\t\t\t\t\t<h3 class=\"elementor-heading-title elementor-size-default\">Intento construir espacios en los que el lector pueda entrar, jugar y encontrar algo propio.<\/h3>\t\t\t\t<\/div>\n\t\t\t\t<\/div>\n\t\t<div class=\"elementor-element elementor-element-1b02e10 e-flex e-con-boxed e-con e-parent\" data-id=\"1b02e10\" data-element_type=\"container\" data-e-type=\"container\">\n\t\t\t\t\t<div class=\"e-con-inner\">\n\t\t\t\t<div class=\"elementor-element elementor-element-e63753e elementor-widget elementor-widget-heading\" data-id=\"e63753e\" data-element_type=\"widget\" data-e-type=\"widget\" data-widget_type=\"heading.default\">\n\t\t\t\t\t<h2 class=\"elementor-heading-title elementor-size-default\">El reconocimiento de la escucha interna<\/h2>\t\t\t\t<\/div>\n\t\t\t\t\t<\/div>\n\t\t\t\t<\/div>\n\t\t<div class=\"elementor-element elementor-element-dc7dc08 e-grid e-con-boxed e-con e-parent\" data-id=\"dc7dc08\" data-element_type=\"container\" data-e-type=\"container\">\n\t\t\t\t\t<div class=\"e-con-inner\">\n\t\t\t\t<div class=\"elementor-element elementor-element-8e6ed35 elementor-widget elementor-widget-text-editor\" data-id=\"8e6ed35\" data-element_type=\"widget\" data-e-type=\"widget\" data-widget_type=\"text-editor.default\">\n\t\t\t\t\t\t\t\t\t<p><span style=\"font-weight: 400;\">Al a\u00f1o siguiente vuelvo a presentarme al mismo concurso y esta vez, s\u00ed: gano el primer premio con el \u00e1lbum Bim Bam Bum.\n\nEl jurado se queda desconcertado cuando abre la plica. No les cabe en la cabeza que pueda ser la misma persona que durante a\u00f1os hab\u00eda estado ilustrando, con un estilo muy realista, las problem\u00e1ticas de la infancia y los temas delicados de la vida y la sociedad.\u00a0<\/span><\/p><p><span style=\"font-weight: 400;\">Es cierto que presentar Bim Bam Bum al concurso fue como saltar al vac\u00edo, porque la propuesta me parec\u00eda un poco loca. Pero, al mismo tiempo, la sent\u00eda fresca, juguetona y, sobre todo, aut\u00e9ntica, porque hab\u00eda surgido de m\u00ed con mucha espontaneidad.\n\nEse era el secreto. Hab\u00eda sido sincera conmigo misma y, gracias a ello, hab\u00eda encontrado mi voz. <\/span><\/p>\t\t\t\t\t\t\t\t<\/div>\n\t\t\t\t<div class=\"elementor-element elementor-element-44cdd30 elementor-widget elementor-widget-image\" data-id=\"44cdd30\" data-element_type=\"widget\" data-e-type=\"widget\" data-widget_type=\"image.default\">\n\t\t\t\t\t\t\t\t\t\t\t\t\t\t\t<img decoding=\"async\" width=\"1024\" height=\"684\" src=\"https:\/\/mariagiron.com\/wp-content\/uploads\/2026\/07\/Maria-dibuixos-tortugues-i-ocells-1024x684.webp\" class=\"attachment-large size-large wp-image-552\" alt=\"Maria-mirant-il\u00b7lustracions\" srcset=\"https:\/\/mariagiron.com\/wp-content\/uploads\/2026\/07\/Maria-dibuixos-tortugues-i-ocells-1024x684.webp 1024w, https:\/\/mariagiron.com\/wp-content\/uploads\/2026\/07\/Maria-dibuixos-tortugues-i-ocells-600x401.webp 600w, https:\/\/mariagiron.com\/wp-content\/uploads\/2026\/07\/Maria-dibuixos-tortugues-i-ocells-300x200.webp 300w, https:\/\/mariagiron.com\/wp-content\/uploads\/2026\/07\/Maria-dibuixos-tortugues-i-ocells-768x513.webp 768w, https:\/\/mariagiron.com\/wp-content\/uploads\/2026\/07\/Maria-dibuixos-tortugues-i-ocells-1536x1026.webp 1536w, https:\/\/mariagiron.com\/wp-content\/uploads\/2026\/07\/Maria-dibuixos-tortugues-i-ocells.webp 2000w\" sizes=\"(max-width: 1024px) 100vw, 1024px\" \/>\t\t\t\t\t\t\t\t\t\t\t\t\t\t\t<\/div>\n\t\t\t\t\t<\/div>\n\t\t\t\t<\/div>\n\t\t<div class=\"elementor-element elementor-element-a80ce7b e-flex e-con-boxed e-con e-parent\" data-id=\"a80ce7b\" data-element_type=\"container\" data-e-type=\"container\">\n\t\t\t\t\t<div class=\"e-con-inner\">\n\t\t\t\t<div class=\"elementor-element elementor-element-d24f166 elementor-align-center elementor-widget elementor-widget-button\" data-id=\"d24f166\" data-element_type=\"widget\" data-e-type=\"widget\" data-widget_type=\"button.default\">\n\t\t\t\t\t\t\t\t\t\t<a class=\"elementor-button elementor-button-link elementor-size-sm\" href=\"https:\/\/mariagiron.com\/es\/art-lamines\/\">\n\t\t\t\t\t\t<span class=\"elementor-button-content-wrapper\">\n\t\t\t\t\t\t\t\t\t<span class=\"elementor-button-text\">Mi arte en forma de originales y l\u00e1minas<\/span>\n\t\t\t\t\t<\/span>\n\t\t\t\t\t<\/a>\n\t\t\t\t\t\t\t\t<\/div>\n\t\t\t\t\t<\/div>\n\t\t\t\t<\/div>\n\t\t<div class=\"elementor-element elementor-element-2b5bb63 e-flex e-con-boxed e-con e-parent\" data-id=\"2b5bb63\" data-element_type=\"container\" data-e-type=\"container\">\n\t\t\t\t\t<div class=\"e-con-inner\">\n\t\t\t\t<div class=\"elementor-element elementor-element-e7caf4d elementor-widget elementor-widget-heading\" data-id=\"e7caf4d\" data-element_type=\"widget\" data-e-type=\"widget\" data-widget_type=\"heading.default\">\n\t\t\t\t\t<h2 class=\"elementor-heading-title elementor-size-default\">Selecci\u00f3n bibliogr\u00e1fica<\/h2>\t\t\t\t<\/div>\n\t\t\t\t<div class=\"elementor-element elementor-element-3f37f85 elementor-widget elementor-widget-text-editor\" data-id=\"3f37f85\" data-element_type=\"widget\" data-e-type=\"widget\" data-widget_type=\"text-editor.default\">\n\t\t\t\t\t\t\t\t\t<ul><li><em>Bim Bam Bum<\/em>. Mar\u00eda Gir\u00f3n. Kalandraka, Pontevedra, 2024.<\/li><li><em>Cinco ratoncitos<\/em>. Mar\u00eda Gir\u00f3n. Kalandraka, Pontevedra, 2024.<\/li><li><em>F\u00e1bulas de juegos de Esopo y La Fontaine<\/em>. Ing, Barcelona, 2024.<\/li><li><em>Los migrantes<\/em>. Marcelo Simonetti. Kalandraka, 2023.<\/li><li><em>Palabras de Caramelo<\/em>. Gonzalo Mover. Anaya, de 2022.<\/li><li><em>Con los brazos abiertos<\/em>. Antonio Rubio. Kalandraka, 2022.<\/li><li><em>Un poema para mis abuelos<\/em>. Sara B\u00faho. Planeta, Barcelona, 2021.<\/li><li><em>La gente en mi escala<\/em>. Roser Ros. Kalandraka Catalunya, En Barcelona, En El A\u00f1o 2021.<\/li><li><em>Me Lazarilla, mi Capit\u00e1n<\/em>. Gonzalo Mover. Kalandraka, Pontevedra, 2020.<\/li><li><em>Y ahora hagamos finta di essere.<\/em> La Spiga Edizioni, Loreto, 2019.<\/li><li><em>La espera<\/em>. Gina Clotet. Tramuntana, Girona, 2018.<\/li><li><em>Esto no es un patito<\/em>. Fulvia Degl'Innocenti. Tramuntana, Girona, 2017.<\/li><li><em>Arturo y el elefante sin memoria<\/em>. Mar\u00eda Gir\u00f3n. Tramuntana, Girona, 2017.<\/li><li><em>Nueve formas de no pisar un charco<\/em>. Susanna Isern. Takatuka, Barcelona, 2017.<\/li><li><em>El charco del Rey Olaf<\/em>. Mar Pav\u00f3n. Tramuntana, Girona, 2017.<\/li><li><em>YOGA<\/em>. Miriam Ravent\u00f3s. Peque\u00f1os Fragmentos, Barcelona, 2016.<\/li><li><em>Una buj\u00eda vera<\/em>. Annamaria Gozzi. La Spiga Edizioni, Loreto, 2016.<\/li><li><em>Mi hallazgo<\/em>. Silvia Vecchini. Tramuntana, Girona, 2016.<\/li><li><em>Inseparables<\/em>. Mar Pav\u00f3n. Tramuntana, Girona, 2015.<\/li><li><em>Rula busca su lugar<\/em>. Mar Pav\u00f3n. Tramuntana, Girona, 2015.<\/li><\/ul>\t\t\t\t\t\t\t\t<\/div>\n\t\t\t\t\t<\/div>\n\t\t\t\t<\/div>\n\t\t<div class=\"elementor-element elementor-element-7887a05 e-flex e-con-boxed e-con e-parent\" data-id=\"7887a05\" data-element_type=\"container\" data-e-type=\"container\">\n\t\t\t\t\t<div class=\"e-con-inner\">\n\t\t\t\t<div class=\"elementor-element elementor-element-4039063 elementor-align-center elementor-widget elementor-widget-button\" data-id=\"4039063\" data-element_type=\"widget\" data-e-type=\"widget\" data-widget_type=\"button.default\">\n\t\t\t\t\t\t\t\t\t\t<a class=\"elementor-button elementor-button-link elementor-size-sm\" href=\"https:\/\/mariagiron.com\/es\/llibres\/\">\n\t\t\t\t\t\t<span class=\"elementor-button-content-wrapper\">\n\t\t\t\t\t\t\t\t\t<span class=\"elementor-button-text\">Explora todos mis libros<\/span>\n\t\t\t\t\t<\/span>\n\t\t\t\t\t<\/a>\n\t\t\t\t\t\t\t\t<\/div>\n\t\t\t\t\t<\/div>\n\t\t\t\t<\/div>\n\t\t<div class=\"elementor-element elementor-element-6450c689 e-flex e-con-boxed e-con e-parent\" data-id=\"6450c689\" data-element_type=\"container\" data-e-type=\"container\" data-settings=\"{&quot;background_background&quot;:&quot;classic&quot;}\">\n\t\t\t\t\t<div class=\"e-con-inner\">\n\t\t<div class=\"elementor-element elementor-element-4d19f62e e-con-full e-flex e-con e-child\" data-id=\"4d19f62e\" data-element_type=\"container\" data-e-type=\"container\">\n\t\t\t\t<div class=\"elementor-element elementor-element-2d8f4e64 elementor-widget elementor-widget-image\" data-id=\"2d8f4e64\" data-element_type=\"widget\" data-e-type=\"widget\" data-widget_type=\"image.default\">\n\t\t\t\t\t\t\t\t\t\t\t\t\t\t\t<img loading=\"lazy\" decoding=\"async\" width=\"2388\" height=\"695\" src=\"https:\/\/mariagiron.com\/wp-content\/uploads\/2026\/07\/nom-en-blanc-opcio-2.png\" class=\"attachment-full size-full wp-image-440\" alt=\"\" srcset=\"https:\/\/mariagiron.com\/wp-content\/uploads\/2026\/07\/nom-en-blanc-opcio-2.png 2388w, https:\/\/mariagiron.com\/wp-content\/uploads\/2026\/07\/nom-en-blanc-opcio-2-600x175.png 600w, https:\/\/mariagiron.com\/wp-content\/uploads\/2026\/07\/nom-en-blanc-opcio-2-300x87.png 300w, https:\/\/mariagiron.com\/wp-content\/uploads\/2026\/07\/nom-en-blanc-opcio-2-1024x298.png 1024w, https:\/\/mariagiron.com\/wp-content\/uploads\/2026\/07\/nom-en-blanc-opcio-2-768x224.png 768w, https:\/\/mariagiron.com\/wp-content\/uploads\/2026\/07\/nom-en-blanc-opcio-2-1536x447.png 1536w, https:\/\/mariagiron.com\/wp-content\/uploads\/2026\/07\/nom-en-blanc-opcio-2-2048x596.png 2048w\" sizes=\"(max-width: 2388px) 100vw, 2388px\" \/>\t\t\t\t\t\t\t\t\t\t\t\t\t\t\t<\/div>\n\t\t\t\t<div class=\"elementor-element elementor-element-15fb46d5 elementor-widget elementor-widget-text-editor\" data-id=\"15fb46d5\" data-element_type=\"widget\" data-e-type=\"widget\" data-widget_type=\"text-editor.default\">\n\t\t\t\t\t\t\t\t\t<p>Ilustraci\u00f3n, libros y proyectos creativos para peque\u00f1os y grandes lectores.<\/p>\t\t\t\t\t\t\t\t<\/div>\n\t\t\t\t<div class=\"elementor-element elementor-element-675b661b elementor-widget elementor-widget-image\" data-id=\"675b661b\" data-element_type=\"widget\" data-e-type=\"widget\" data-widget_type=\"image.default\">\n\t\t\t\t\t\t\t\t\t\t\t\t\t\t\t<img loading=\"lazy\" decoding=\"async\" width=\"300\" height=\"300\" src=\"https:\/\/mariagiron.com\/wp-content\/uploads\/2026\/07\/mosca-fons-blanc.webp\" class=\"attachment-large size-large wp-image-493\" alt=\"\" srcset=\"https:\/\/mariagiron.com\/wp-content\/uploads\/2026\/07\/mosca-fons-blanc.webp 300w, https:\/\/mariagiron.com\/wp-content\/uploads\/2026\/07\/mosca-fons-blanc-100x100.webp 100w, https:\/\/mariagiron.com\/wp-content\/uploads\/2026\/07\/mosca-fons-blanc-150x150.webp 150w\" sizes=\"(max-width: 300px) 100vw, 300px\" \/>\t\t\t\t\t\t\t\t\t\t\t\t\t\t\t<\/div>\n\t\t\t\t<\/div>\n\t\t<div class=\"elementor-element elementor-element-1070a644 e-con-full e-flex e-con e-child\" data-id=\"1070a644\" data-element_type=\"container\" data-e-type=\"container\">\n\t\t\t\t<div class=\"elementor-element elementor-element-6932b7fc elementor-widget elementor-widget-heading\" data-id=\"6932b7fc\" data-element_type=\"widget\" data-e-type=\"widget\" data-widget_type=\"heading.default\">\n\t\t\t\t\t<h4 class=\"elementor-heading-title elementor-size-default\">EXPLORAR<\/h4>\t\t\t\t<\/div>\n\t\t\t\t<div class=\"elementor-element elementor-element-18d46312 elementor-nav-menu--dropdown-none elementor-widget elementor-widget-nav-menu\" data-id=\"18d46312\" data-element_type=\"widget\" data-e-type=\"widget\" data-settings=\"{&quot;layout&quot;:&quot;vertical&quot;,&quot;submenu_icon&quot;:{&quot;value&quot;:&quot;&lt;svg aria-hidden=\\&quot;true\\&quot; class=\\&quot;e-font-icon-svg e-fas-caret-down\\&quot; viewBox=\\&quot;0 0 320 512\\&quot; xmlns=\\&quot;http:\\\/\\\/www.w3.org\\\/2000\\\/svg\\&quot;&gt;&lt;path d=\\&quot;M31.3 192h257.3c17.8 0 26.7 21.5 14.1 34.1L174.1 354.8c-7.8 7.8-20.5 7.8-28.3 0L17.2 226.1C4.6 213.5 13.5 192 31.3 192z\\&quot;&gt;&lt;\\\/path&gt;&lt;\\\/svg&gt;&quot;,&quot;library&quot;:&quot;fa-solid&quot;}}\" data-widget_type=\"nav-menu.default\">\n\t\t\t\t\t\t\t\t<nav aria-label=\"Men\u00fa\" class=\"elementor-nav-menu--main elementor-nav-menu__container elementor-nav-menu--layout-vertical e--pointer-none\">\n\t\t\t\t<ul id=\"menu-1-18d46312\" class=\"elementor-nav-menu sm-vertical\"><li class=\"menu-item menu-item-type-post_type menu-item-object-page menu-item-39\"><a href=\"https:\/\/mariagiron.com\/es\/sobre-mi\/\" class=\"elementor-item menu-link\">SOBRE M\u00cd<\/a><\/li>\n<li class=\"menu-item menu-item-type-post_type menu-item-object-page menu-item-38\"><a href=\"https:\/\/mariagiron.com\/es\/llibres\/\" class=\"elementor-item menu-link\">LIBROS<\/a><\/li>\n<li class=\"menu-item menu-item-type-post_type menu-item-object-page menu-item-has-children menu-item-37\"><a aria-expanded=\"false\" href=\"https:\/\/mariagiron.com\/es\/art\/\" class=\"elementor-item menu-link\">ARTE<span class=\"sub-arrow\"><svg aria-hidden=\"true\" class=\"e-font-icon-svg e-fas-caret-down\" viewbox=\"0 0 320 512\" xmlns=\"http:\/\/www.w3.org\/2000\/svg\"><path d=\"M31.3 192h257.3c17.8 0 26.7 21.5 14.1 34.1L174.1 354.8c-7.8 7.8-20.5 7.8-28.3 0L17.2 226.1C4.6 213.5 13.5 192 31.3 192z\"><\/path><\/svg><\/span><\/a>\n<ul class=\"sub-menu elementor-nav-menu--dropdown\">\n\t<li class=\"menu-item menu-item-type-post_type menu-item-object-page menu-item-41\"><a href=\"https:\/\/mariagiron.com\/es\/art-originals\/\" class=\"elementor-sub-item menu-link\">ORIGINALES<\/a><\/li>\n\t<li class=\"menu-item menu-item-type-post_type menu-item-object-page menu-item-40\"><a href=\"https:\/\/mariagiron.com\/es\/art-lamines\/\" class=\"elementor-sub-item menu-link\">L\u00c1MINAS<\/a><\/li>\n<\/ul>\n<\/li>\n<li class=\"menu-item menu-item-type-post_type menu-item-object-page menu-item-36\"><a href=\"https:\/\/mariagiron.com\/es\/tallers\/\" class=\"elementor-item menu-link\">TALLERES<\/a><\/li>\n<li class=\"menu-item menu-item-type-post_type menu-item-object-page menu-item-35\"><a href=\"https:\/\/mariagiron.com\/es\/contacte\/\" class=\"elementor-item menu-link\">CONTACTO<\/a><\/li>\n<li class=\"selector-idioma trp-language-switcher-container trp-menu-ls-item trp-menu-ls-desktop menu-item menu-item-type-post_type menu-item-object-language_switcher current-language-menu-item menu-item-1811\"><a href=\"https:\/\/mariagiron.com\/es\/wp-json\/wp\/v2\/pages\/21\" class=\"elementor-item elementor-item-anchor menu-link\"><span class=\"trp-menu-ls-label\" data-no-translation title=\"CA\"><span class=\"trp-ls-language-name\">CA<\/span><\/span><\/a><\/li>\n<\/ul>\t\t\t<\/nav>\n\t\t\t\t\t\t<nav class=\"elementor-nav-menu--dropdown elementor-nav-menu__container\" aria-hidden=\"true\">\n\t\t\t\t<ul id=\"menu-2-18d46312\" class=\"elementor-nav-menu sm-vertical\"><li class=\"menu-item menu-item-type-post_type menu-item-object-page menu-item-39\"><a href=\"https:\/\/mariagiron.com\/es\/sobre-mi\/\" class=\"elementor-item menu-link\" tabindex=\"-1\">SOBRE M\u00cd<\/a><\/li>\n<li class=\"menu-item menu-item-type-post_type menu-item-object-page menu-item-38\"><a href=\"https:\/\/mariagiron.com\/es\/llibres\/\" class=\"elementor-item menu-link\" tabindex=\"-1\">LIBROS<\/a><\/li>\n<li class=\"menu-item menu-item-type-post_type menu-item-object-page menu-item-has-children menu-item-37\"><a aria-expanded=\"false\" href=\"https:\/\/mariagiron.com\/es\/art\/\" class=\"elementor-item menu-link\" tabindex=\"-1\">ARTE<span class=\"sub-arrow\"><svg aria-hidden=\"true\" class=\"e-font-icon-svg e-fas-caret-down\" viewbox=\"0 0 320 512\" xmlns=\"http:\/\/www.w3.org\/2000\/svg\"><path d=\"M31.3 192h257.3c17.8 0 26.7 21.5 14.1 34.1L174.1 354.8c-7.8 7.8-20.5 7.8-28.3 0L17.2 226.1C4.6 213.5 13.5 192 31.3 192z\"><\/path><\/svg><\/span><\/a>\n<ul class=\"sub-menu elementor-nav-menu--dropdown\">\n\t<li class=\"menu-item menu-item-type-post_type menu-item-object-page menu-item-41\"><a href=\"https:\/\/mariagiron.com\/es\/art-originals\/\" class=\"elementor-sub-item menu-link\" tabindex=\"-1\">ORIGINALES<\/a><\/li>\n\t<li class=\"menu-item menu-item-type-post_type menu-item-object-page menu-item-40\"><a href=\"https:\/\/mariagiron.com\/es\/art-lamines\/\" class=\"elementor-sub-item menu-link\" tabindex=\"-1\">L\u00c1MINAS<\/a><\/li>\n<\/ul>\n<\/li>\n<li class=\"menu-item menu-item-type-post_type menu-item-object-page menu-item-36\"><a href=\"https:\/\/mariagiron.com\/es\/tallers\/\" class=\"elementor-item menu-link\" tabindex=\"-1\">TALLERES<\/a><\/li>\n<li class=\"menu-item menu-item-type-post_type menu-item-object-page menu-item-35\"><a href=\"https:\/\/mariagiron.com\/es\/contacte\/\" class=\"elementor-item menu-link\" tabindex=\"-1\">CONTACTO<\/a><\/li>\n<li class=\"selector-idioma trp-language-switcher-container trp-menu-ls-item trp-menu-ls-desktop menu-item menu-item-type-post_type menu-item-object-language_switcher current-language-menu-item menu-item-1811\"><a href=\"https:\/\/mariagiron.com\/es\/wp-json\/wp\/v2\/pages\/21\" class=\"elementor-item elementor-item-anchor menu-link\" tabindex=\"-1\"><span class=\"trp-menu-ls-label\" data-no-translation title=\"CA\"><span class=\"trp-ls-language-name\">CA<\/span><\/span><\/a><\/li>\n<\/ul>\t\t\t<\/nav>\n\t\t\t\t\t\t<\/div>\n\t\t\t\t<\/div>\n\t\t<div class=\"elementor-element elementor-element-7783b539 e-con-full e-flex e-con e-child\" data-id=\"7783b539\" data-element_type=\"container\" data-e-type=\"container\">\n\t\t\t\t<div class=\"elementor-element elementor-element-9babca5 elementor-widget elementor-widget-heading\" data-id=\"9babca5\" data-element_type=\"widget\" data-e-type=\"widget\" data-widget_type=\"heading.default\">\n\t\t\t\t\t<h4 class=\"elementor-heading-title elementor-size-default\">VISITA MI ESPACIO<\/h4>\t\t\t\t<\/div>\n\t\t\t\t<div class=\"elementor-element elementor-element-52e5285b elementor-align-center elementor-icon-list--layout-traditional elementor-list-item-link-full_width elementor-widget elementor-widget-icon-list\" data-id=\"52e5285b\" data-element_type=\"widget\" data-e-type=\"widget\" data-widget_type=\"icon-list.default\">\n\t\t\t\t\t\t\t<ul class=\"elementor-icon-list-items\">\n\t\t\t\t\t\t\t<li class=\"elementor-icon-list-item\">\n\t\t\t\t\t\t\t\t\t\t<span class=\"elementor-icon-list-text\">L'OU - Espacio para la creatividad<\/span>\n\t\t\t\t\t\t\t\t\t<\/li>\n\t\t\t\t\t\t\t\t<li class=\"elementor-icon-list-item\">\n\t\t\t\t\t\t\t\t\t\t<span class=\"elementor-icon-list-text\">Ctra del Montseny, 47<\/span>\n\t\t\t\t\t\t\t\t\t<\/li>\n\t\t\t\t\t\t\t\t<li class=\"elementor-icon-list-item\">\n\t\t\t\t\t\t\t\t\t\t<span class=\"elementor-icon-list-text\">Sant Esteve de Palautordera<\/span>\n\t\t\t\t\t\t\t\t\t<\/li>\n\t\t\t\t\t\t\t\t<li class=\"elementor-icon-list-item\">\n\t\t\t\t\t\t\t\t\t\t<span class=\"elementor-icon-list-text\">08461 - BARCELONA<\/span>\n\t\t\t\t\t\t\t\t\t<\/li>\n\t\t\t\t\t\t<\/ul>\n\t\t\t\t\t\t<\/div>\n\t\t\t\t<\/div>\n\t\t<div class=\"elementor-element elementor-element-49154456 e-con-full e-flex e-con e-child\" data-id=\"49154456\" data-element_type=\"container\" data-e-type=\"container\">\n\t\t\t\t<div class=\"elementor-element elementor-element-5b52f2e1 elementor-widget elementor-widget-heading\" data-id=\"5b52f2e1\" data-element_type=\"widget\" data-e-type=\"widget\" data-widget_type=\"heading.default\">\n\t\t\t\t\t<h4 class=\"elementor-heading-title elementor-size-default\">ENCUENTRA MIS REDES<\/h4>\t\t\t\t<\/div>\n\t\t\t\t<div class=\"elementor-element elementor-element-4aa65ce0 elementor-widget elementor-widget-text-editor\" data-id=\"4aa65ce0\" data-element_type=\"widget\" data-e-type=\"widget\" data-widget_type=\"text-editor.default\">\n\t\t\t\t\t\t\t\t\t<p>Donde comparto novedades, procesos creativos y peque\u00f1as historias ilustradas<\/p>\t\t\t\t\t\t\t\t<\/div>\n\t\t\t\t<div class=\"elementor-element elementor-element-5472a574 e-grid-align-right e-grid-align-mobile-center elementor-shape-rounded elementor-grid-0 elementor-widget elementor-widget-social-icons\" data-id=\"5472a574\" data-element_type=\"widget\" data-e-type=\"widget\" data-widget_type=\"social-icons.default\">\n\t\t\t\t\t\t\t<div class=\"elementor-social-icons-wrapper elementor-grid\">\n\t\t\t\t\t\t\t<span class=\"elementor-grid-item\">\n\t\t\t\t\t<a class=\"elementor-icon elementor-social-icon elementor-social-icon-instagram elementor-animation-grow elementor-repeater-item-ee5d380\" href=\"https:\/\/www.instagram.com\/_mariagiron\/\" target=\"_blank\">\n\t\t\t\t\t\t<span class=\"elementor-screen-only\">Instagram<\/span>\n\t\t\t\t\t\t<svg aria-hidden=\"true\" class=\"e-font-icon-svg e-fab-instagram\" viewbox=\"0 0 448 512\" xmlns=\"http:\/\/www.w3.org\/2000\/svg\"><path d=\"M224.1 141c-63.6 0-114.9 51.3-114.9 114.9s51.3 114.9 114.9 114.9S339 319.5 339 255.9 287.7 141 224.1 141zm0 189.6c-41.1 0-74.7-33.5-74.7-74.7s33.5-74.7 74.7-74.7 74.7 33.5 74.7 74.7-33.6 74.7-74.7 74.7zm146.4-194.3c0 14.9-12 26.8-26.8 26.8-14.9 0-26.8-12-26.8-26.8s12-26.8 26.8-26.8 26.8 12 26.8 26.8zm76.1 27.2c-1.7-35.9-9.9-67.7-36.2-93.9-26.2-26.2-58-34.4-93.9-36.2-37-2.1-147.9-2.1-184.9 0-35.8 1.7-67.6 9.9-93.9 36.1s-34.4 58-36.2 93.9c-2.1 37-2.1 147.9 0 184.9 1.7 35.9 9.9 67.7 36.2 93.9s58 34.4 93.9 36.2c37 2.1 147.9 2.1 184.9 0 35.9-1.7 67.7-9.9 93.9-36.2 26.2-26.2 34.4-58 36.2-93.9 2.1-37 2.1-147.8 0-184.8zM398.8 388c-7.8 19.6-22.9 34.7-42.6 42.6-29.5 11.7-99.5 9-132.1 9s-102.7 2.6-132.1-9c-19.6-7.8-34.7-22.9-42.6-42.6-11.7-29.5-9-99.5-9-132.1s-2.6-102.7 9-132.1c7.8-19.6 22.9-34.7 42.6-42.6 29.5-11.7 99.5-9 132.1-9s102.7-2.6 132.1 9c19.6 7.8 34.7 22.9 42.6 42.6 11.7 29.5 9 99.5 9 132.1s2.7 102.7-9 132.1z\"><\/path><\/svg>\t\t\t\t\t<\/a>\n\t\t\t\t<\/span>\n\t\t\t\t\t<\/div>\n\t\t\t\t\t\t<\/div>\n\t\t\t\t<div class=\"elementor-element elementor-element-7da33e3a elementor-widget elementor-widget-text-editor\" data-id=\"7da33e3a\" data-element_type=\"widget\" data-e-type=\"widget\" data-widget_type=\"text-editor.default\">\n\t\t\t\t\t\t\t\t\t<p>holamariagiron@gmail.com<\/p>\t\t\t\t\t\t\t\t<\/div>\n\t\t\t\t<\/div>\n\t\t\t\t\t<\/div>\n\t\t\t\t<\/div>\n\t\t\t\t<\/div>","protected":false},"excerpt":{"rendered":"<p>Sobre mi Maria Gir\u00f3n \u00b7 Il\u00b7lustradora i autora de literatura infantil \u00abDes dels camps de la Garrotxa fins als llibres [&hellip;]<\/p>\n","protected":false},"author":2,"featured_media":0,"parent":0,"menu_order":0,"comment_status":"closed","ping_status":"closed","template":"elementor_header_footer","meta":{"site-sidebar-layout":"no-sidebar","site-content-layout":"","ast-site-content-layout":"full-width-container","site-content-style":"default","site-sidebar-style":"default","ast-global-header-display":"","ast-banner-title-visibility":"","ast-main-header-display":"","ast-hfb-above-header-display":"","ast-hfb-below-header-display":"","ast-hfb-mobile-header-display":"","site-post-title":"","ast-breadcrumbs-content":"","ast-featured-img":"disabled","footer-sml-layout":"","ast-disable-related-posts":"","theme-transparent-header-meta":"default","adv-header-id-meta":"","stick-header-meta":"default","header-above-stick-meta":"","header-main-stick-meta":"","header-below-stick-meta":"","astra-migrate-meta-layouts":"set","ast-page-background-enabled":"default","ast-page-background-meta":{"desktop":{"background-color":"var(--ast-global-color-5)","background-image":"","background-repeat":"repeat","background-position":"center center","background-size":"auto","background-attachment":"scroll","background-type":"","background-media":"","overlay-type":"","overlay-color":"","overlay-opacity":"","overlay-gradient":""},"tablet":{"background-color":"","background-image":"","background-repeat":"repeat","background-position":"center center","background-size":"auto","background-attachment":"scroll","background-type":"","background-media":"","overlay-type":"","overlay-color":"","overlay-opacity":"","overlay-gradient":""},"mobile":{"background-color":"","background-image":"","background-repeat":"repeat","background-position":"center center","background-size":"auto","background-attachment":"scroll","background-type":"","background-media":"","overlay-type":"","overlay-color":"","overlay-opacity":"","overlay-gradient":""}},"ast-content-background-meta":{"desktop":{"background-color":"var(--ast-global-color-4)","background-image":"","background-repeat":"repeat","background-position":"center center","background-size":"auto","background-attachment":"scroll","background-type":"","background-media":"","overlay-type":"","overlay-color":"","overlay-opacity":"","overlay-gradient":""},"tablet":{"background-color":"var(--ast-global-color-4)","background-image":"","background-repeat":"repeat","background-position":"center center","background-size":"auto","background-attachment":"scroll","background-type":"","background-media":"","overlay-type":"","overlay-color":"","overlay-opacity":"","overlay-gradient":""},"mobile":{"background-color":"var(--ast-global-color-4)","background-image":"","background-repeat":"repeat","background-position":"center center","background-size":"auto","background-attachment":"scroll","background-type":"","background-media":"","overlay-type":"","overlay-color":"","overlay-opacity":"","overlay-gradient":""}},"footnotes":""},"class_list":["post-21","page","type-page","status-publish","hentry"],"yoast_head":"<!-- This site is optimized with the Yoast SEO plugin v28.4 - https:\/\/yoast.com\/product\/yoast-seo-wordpress\/ -->\n<title>Trayectoria de Maria Gir\u00f3n | Biograf\u00eda<\/title>\n<meta name=\"description\" content=\"Conoce a Maria Gir\u00f3n, sus inicios en la ilustraci\u00f3n, los libros publicados, los premios y la evoluci\u00f3n de su universo creativo.\" \/>\n<meta name=\"robots\" content=\"index, follow, max-snippet:-1, max-image-preview:large, max-video-preview:-1\" \/>\n<link rel=\"canonical\" href=\"https:\/\/mariagiron.com\/es\/sobre-mi\/\" \/>\n<meta property=\"og:locale\" content=\"es_ES\" \/>\n<meta property=\"og:type\" content=\"article\" \/>\n<meta property=\"og:title\" content=\"Trayectoria de Maria Gir\u00f3n | Biograf\u00eda\" \/>\n<meta property=\"og:description\" content=\"Conoce a Maria Gir\u00f3n, sus inicios en la ilustraci\u00f3n, los libros publicados, los premios y la evoluci\u00f3n de su universo creativo.\" \/>\n<meta property=\"og:url\" content=\"https:\/\/mariagiron.com\/es\/sobre-mi\/\" \/>\n<meta property=\"og:site_name\" content=\"Maria Gir\u00f3n\" \/>\n<meta property=\"article:modified_time\" content=\"2026-08-14T13:34:58+00:00\" \/>\n<meta property=\"og:image\" content=\"https:\/\/mariagiron.com\/wp-content\/uploads\/2026\/07\/Maria-mirant-llibre.webp\" \/>\n\t<meta property=\"og:image:width\" content=\"2000\" \/>\n\t<meta property=\"og:image:height\" content=\"1336\" \/>\n\t<meta property=\"og:image:type\" content=\"image\/webp\" \/>\n<meta name=\"twitter:card\" content=\"summary_large_image\" \/>\n<meta name=\"twitter:label1\" content=\"Tiempo de lectura\" \/>\n\t<meta name=\"twitter:data1\" content=\"7 minutos\" \/>\n<script type=\"application\/ld+json\" class=\"yoast-schema-graph\">{\"@context\":\"https:\\\/\\\/schema.org\",\"@graph\":[{\"@type\":\"WebPage\",\"@id\":\"https:\\\/\\\/mariagiron.com\\\/sobre-mi\\\/\",\"url\":\"https:\\\/\\\/mariagiron.com\\\/sobre-mi\\\/\",\"name\":\"Traject\u00f2ria de Maria Gir\u00f3n | Biografia\",\"isPartOf\":{\"@id\":\"https:\\\/\\\/mariagiron.com\\\/#website\"},\"primaryImageOfPage\":{\"@id\":\"https:\\\/\\\/mariagiron.com\\\/sobre-mi\\\/#primaryimage\"},\"image\":{\"@id\":\"https:\\\/\\\/mariagiron.com\\\/sobre-mi\\\/#primaryimage\"},\"thumbnailUrl\":\"https:\\\/\\\/mariagiron.com\\\/wp-content\\\/uploads\\\/2026\\\/07\\\/Maria-mirant-llibre.webp\",\"datePublished\":\"2026-05-28T09:45:57+00:00\",\"dateModified\":\"2026-08-14T13:34:58+00:00\",\"description\":\"Coneix a Maria Gir\u00f3n, els seus inicis en la il\u00b7lustraci\u00f3, els llibres publicats, els premis i l'evoluci\u00f3 del seu univers creatiu.\",\"breadcrumb\":{\"@id\":\"https:\\\/\\\/mariagiron.com\\\/sobre-mi\\\/#breadcrumb\"},\"inLanguage\":\"es\",\"potentialAction\":[{\"@type\":\"ReadAction\",\"target\":[\"https:\\\/\\\/mariagiron.com\\\/sobre-mi\\\/\"]}]},{\"@type\":\"ImageObject\",\"inLanguage\":\"es\",\"@id\":\"https:\\\/\\\/mariagiron.com\\\/sobre-mi\\\/#primaryimage\",\"url\":\"https:\\\/\\\/mariagiron.com\\\/wp-content\\\/uploads\\\/2026\\\/07\\\/Maria-mirant-llibre.webp\",\"contentUrl\":\"https:\\\/\\\/mariagiron.com\\\/wp-content\\\/uploads\\\/2026\\\/07\\\/Maria-mirant-llibre.webp\"},{\"@type\":\"BreadcrumbList\",\"@id\":\"https:\\\/\\\/mariagiron.com\\\/sobre-mi\\\/#breadcrumb\",\"itemListElement\":[{\"@type\":\"ListItem\",\"position\":1,\"name\":\"Portada\",\"item\":\"https:\\\/\\\/mariagiron.com\\\/\"},{\"@type\":\"ListItem\",\"position\":2,\"name\":\"Sobre mi\"}]},{\"@type\":\"WebSite\",\"@id\":\"https:\\\/\\\/mariagiron.com\\\/#website\",\"url\":\"https:\\\/\\\/mariagiron.com\\\/\",\"name\":\"Maria Gir\u00f3n\",\"description\":\"Autora de literatura infantil i juvenil\",\"publisher\":{\"@id\":\"https:\\\/\\\/mariagiron.com\\\/#\\\/schema\\\/person\\\/c84899f07f309ac9e0f077f8a0ca1305\"},\"potentialAction\":[{\"@type\":\"SearchAction\",\"target\":{\"@type\":\"EntryPoint\",\"urlTemplate\":\"https:\\\/\\\/mariagiron.com\\\/?s={search_term_string}\"},\"query-input\":{\"@type\":\"PropertyValueSpecification\",\"valueRequired\":true,\"valueName\":\"search_term_string\"}}],\"inLanguage\":\"es\"},{\"@type\":[\"Person\",\"Organization\"],\"@id\":\"https:\\\/\\\/mariagiron.com\\\/#\\\/schema\\\/person\\\/c84899f07f309ac9e0f077f8a0ca1305\",\"name\":\"Maria\",\"image\":{\"@type\":\"ImageObject\",\"inLanguage\":\"es\",\"@id\":\"https:\\\/\\\/mariagiron.com\\\/wp-content\\\/uploads\\\/2026\\\/05\\\/cropped-nom-en-negre-opcio-2.png\",\"url\":\"https:\\\/\\\/mariagiron.com\\\/wp-content\\\/uploads\\\/2026\\\/05\\\/cropped-nom-en-negre-opcio-2.png\",\"contentUrl\":\"https:\\\/\\\/mariagiron.com\\\/wp-content\\\/uploads\\\/2026\\\/05\\\/cropped-nom-en-negre-opcio-2.png\",\"width\":2165,\"height\":694,\"caption\":\"Maria\"},\"logo\":{\"@id\":\"https:\\\/\\\/mariagiron.com\\\/wp-content\\\/uploads\\\/2026\\\/05\\\/cropped-nom-en-negre-opcio-2.png\"},\"sameAs\":[\"https:\\\/\\\/mariagiron.com\"]}]}<\/script>\n<!-- \/ Yoast SEO plugin. -->","yoast_head_json":{"title":"Trayectoria de Maria Gir\u00f3n | Biograf\u00eda","description":"Conoce a Maria Gir\u00f3n, sus inicios en la ilustraci\u00f3n, los libros publicados, los premios y la evoluci\u00f3n de su universo creativo.","robots":{"index":"index","follow":"follow","max-snippet":"max-snippet:-1","max-image-preview":"max-image-preview:large","max-video-preview":"max-video-preview:-1"},"canonical":"https:\/\/mariagiron.com\/es\/sobre-mi\/","og_locale":"es_ES","og_type":"article","og_title":"Trayectoria de Maria Gir\u00f3n | Biograf\u00eda","og_description":"Conoce a Maria Gir\u00f3n, sus inicios en la ilustraci\u00f3n, los libros publicados, los premios y la evoluci\u00f3n de su universo creativo.","og_url":"https:\/\/mariagiron.com\/es\/sobre-mi\/","og_site_name":"Maria Gir\u00f3n","article_modified_time":"2026-08-14T13:34:58+00:00","og_image":[{"width":2000,"height":1336,"url":"https:\/\/mariagiron.com\/wp-content\/uploads\/2026\/07\/Maria-mirant-llibre.webp","type":"image\/webp"}],"twitter_card":"summary_large_image","twitter_misc":{"Tiempo de lectura":"7 minutos"},"schema":{"@context":"https:\/\/schema.org","@graph":[{"@type":"WebPage","@id":"https:\/\/mariagiron.com\/sobre-mi\/","url":"https:\/\/mariagiron.com\/sobre-mi\/","name":"Traject\u00f2ria de Maria Gir\u00f3n | Biografia","isPartOf":{"@id":"https:\/\/mariagiron.com\/#website"},"primaryImageOfPage":{"@id":"https:\/\/mariagiron.com\/sobre-mi\/#primaryimage"},"image":{"@id":"https:\/\/mariagiron.com\/sobre-mi\/#primaryimage"},"thumbnailUrl":"https:\/\/mariagiron.com\/wp-content\/uploads\/2026\/07\/Maria-mirant-llibre.webp","datePublished":"2026-05-28T09:45:57+00:00","dateModified":"2026-08-14T13:34:58+00:00","description":"Coneix a Maria Gir\u00f3n, els seus inicis en la il\u00b7lustraci\u00f3, els llibres publicats, els premis i l'evoluci\u00f3 del seu univers creatiu.","breadcrumb":{"@id":"https:\/\/mariagiron.com\/sobre-mi\/#breadcrumb"},"inLanguage":"es","potentialAction":[{"@type":"ReadAction","target":["https:\/\/mariagiron.com\/sobre-mi\/"]}]},{"@type":"ImageObject","inLanguage":"es","@id":"https:\/\/mariagiron.com\/sobre-mi\/#primaryimage","url":"https:\/\/mariagiron.com\/wp-content\/uploads\/2026\/07\/Maria-mirant-llibre.webp","contentUrl":"https:\/\/mariagiron.com\/wp-content\/uploads\/2026\/07\/Maria-mirant-llibre.webp"},{"@type":"BreadcrumbList","@id":"https:\/\/mariagiron.com\/sobre-mi\/#breadcrumb","itemListElement":[{"@type":"ListItem","position":1,"name":"Portada","item":"https:\/\/mariagiron.com\/"},{"@type":"ListItem","position":2,"name":"Sobre mi"}]},{"@type":"WebSite","@id":"https:\/\/mariagiron.com\/#website","url":"https:\/\/mariagiron.com\/","name":"Mar\u00eda Gir\u00f3n","description":"Autora de literatura infantil i juvenil","publisher":{"@id":"https:\/\/mariagiron.com\/#\/schema\/person\/c84899f07f309ac9e0f077f8a0ca1305"},"potentialAction":[{"@type":"SearchAction","target":{"@type":"EntryPoint","urlTemplate":"https:\/\/mariagiron.com\/?s={search_term_string}"},"query-input":{"@type":"PropertyValueSpecification","valueRequired":true,"valueName":"search_term_string"}}],"inLanguage":"es"},{"@type":["Person","Organization"],"@id":"https:\/\/mariagiron.com\/#\/schema\/person\/c84899f07f309ac9e0f077f8a0ca1305","name":"Maria","image":{"@type":"ImageObject","inLanguage":"es","@id":"https:\/\/mariagiron.com\/wp-content\/uploads\/2026\/05\/cropped-nom-en-negre-opcio-2.png","url":"https:\/\/mariagiron.com\/wp-content\/uploads\/2026\/05\/cropped-nom-en-negre-opcio-2.png","contentUrl":"https:\/\/mariagiron.com\/wp-content\/uploads\/2026\/05\/cropped-nom-en-negre-opcio-2.png","width":2165,"height":694,"caption":"Maria"},"logo":{"@id":"https:\/\/mariagiron.com\/wp-content\/uploads\/2026\/05\/cropped-nom-en-negre-opcio-2.png"},"sameAs":["https:\/\/mariagiron.com"]}]}},"_links":{"self":[{"href":"https:\/\/mariagiron.com\/es\/wp-json\/wp\/v2\/pages\/21","targetHints":{"allow":["GET"]}}],"collection":[{"href":"https:\/\/mariagiron.com\/es\/wp-json\/wp\/v2\/pages"}],"about":[{"href":"https:\/\/mariagiron.com\/es\/wp-json\/wp\/v2\/types\/page"}],"author":[{"embeddable":true,"href":"https:\/\/mariagiron.com\/es\/wp-json\/wp\/v2\/users\/2"}],"replies":[{"embeddable":true,"href":"https:\/\/mariagiron.com\/es\/wp-json\/wp\/v2\/comments?post=21"}],"version-history":[{"count":106,"href":"https:\/\/mariagiron.com\/es\/wp-json\/wp\/v2\/pages\/21\/revisions"}],"predecessor-version":[{"id":1783,"href":"https:\/\/mariagiron.com\/es\/wp-json\/wp\/v2\/pages\/21\/revisions\/1783"}],"wp:attachment":[{"href":"https:\/\/mariagiron.com\/es\/wp-json\/wp\/v2\/media?parent=21"}],"curies":[{"name":"wp","href":"https:\/\/api.w.org\/{rel}","templated":true}]}}